{"id":62,"date":"2020-01-30T11:53:20","date_gmt":"2020-01-30T10:53:20","guid":{"rendered":"https:\/\/www.malerei-christophersen.de\/?page_id=62"},"modified":"2024-10-07T10:17:40","modified_gmt":"2024-10-07T08:17:40","slug":"datenschutz","status":"publish","type":"page","link":"https:\/\/www.malerei-christophersen.de\/?page_id=62","title":{"rendered":"Datenschutz"},"content":{"rendered":"\n<p>Wir informieren Sie nachfolgend gem\u00e4\u00df den gesetzlichen Vorgaben des \nDatenschutzrechts (insb. gem\u00e4\u00df BDSG n.F. und der europ\u00e4ischen \nDatenschutz-Grundverordnung \u201aDS-GVO\u2018) \u00fcber die Art, den Umfang und Zweck\n der Verarbeitung personenbezogener Daten durch unser Unternehmen. Diese\n Datenschutzerkl\u00e4rung gilt auch f\u00fcr unsere Websites und \nSozial-Media-Profile. Bez\u00fcglich der Definition von Begriffen wie etwa \n\u201epersonenbezogene Daten\u201c oder \u201eVerarbeitung\u201c verweisen wir auf Art. 4 \nDS-GVO.<strong>Name und Kontaktdaten des \/ der Verantwortlichen<\/strong><br>Unser\/e Verantwortliche\/r (nachfolgend \u201eVerantwortlicher\u201c) i.S.d. Art. 4 Zif. 7 DS-GVO ist:<\/p>\n\n\n\n<p>Malerei Christophersen<br>Dorfstra\u00dfe 36<br>25926, Ladelund, Deutschland<br>Gesch\u00e4ftsf\u00fchrer Timo Christophersen<br>E-Mail-Adresse: info@malerei-christophersen.de<\/p>\n\n\n\n<p><strong>Datenarten, Zwecke der Verarbeitung und Kategorien betroffener Personen<\/strong><br><\/p>\n\n\n\n<p>Nachfolgend informieren wir Sie \u00fcber Art, Umfang und Zweck der Erhebung, Verarbeitung und Nutzung personenbezogener Daten.<strong>1. Arten der Daten, die wir verarbeiten<\/strong><br>Nutzungsdaten\n (Zugriffszeiten, besuchte Websites etc.), Bestandsdaten (Name, Adresse \netc.), Kontaktdaten (Telefonnummer, E-Mail, Fax etc.), Inhaltsdaten \n(Texteingaben, Videos, Fotos etc.), Kommunikationsdaten (IP-Adresse \netc.), <\/p>\n\n\n\n<p><strong>2. Zwecke der Verarbeitung nach Art. 13 Abs. 1 c) DS-GVO<\/strong><br>Abwicklung\n von Vertr\u00e4gen, Beweiszwecke \/ Beweissicherung, Website technisch und \nwirtschaftlich optimieren, Leichten Zugang zur Website erm\u00f6glichen, \nErf\u00fcllung vertraglicher Verpflichtungen, Kontaktaufnahme bei \njuristischer Beanstandung durch Dritte, Erf\u00fcllung gesetzlicher \nAufbewahrungspflichten, Optimierung und statistische Auswertung unserer \nDienste, Kommerzielle Nutzung der Website unterst\u00fctzen, Nutzererfahrung \nverbessern, Website benutzerfreundlich gestalten, Wirtschaftlicher \nBetrieb der Werbung und Website, Marketing \/ Vertrieb \/ Werbung, \nErstellung von Statistiken,Kundenservice und Kundenpflege, \nKontaktanfragen abwickeln, Websites mit Funktionen und Inhalten \nbereitstellen, Unterbrechungsfreier,sicherer Betrieb unserer Website, <\/p>\n\n\n\n<p><strong>3. Kategorien der betroffenen Personen nach Art. 13 Abs. 1 e) DS-GVO<\/strong><br>Besucher\/Nutzer der Website, Kunden, Interessenten, Bewerber, <\/p>\n\n\n\n<p><\/p>\n\n\n\n<p>Die betroffenen Personen werden zusammenfassend als \u201eNutzer\u201c bezeichnet.<br><strong>Rechtsgrundlagen der Verarbeitung personenbezogener Daten<\/strong><\/p>\n\n\n\n<p>Nachfolgend Informieren wir Sie \u00fcber die Rechtsgrundlagen der Verarbeitung personenbezogener Daten:<\/p>\n\n\n\n<ol class=\"wp-block-list\">\n<li>Wenn\n wir Ihre Einwilligung f\u00fcr die Verarbeitung personenbezogenen Daten \neingeholt haben, ist Art. 6 Abs. 1 S. 1 lit. a) DS-GVO Rechtsgrundlage.<\/li>\n\n\n\n<li>Ist\n die Verarbeitung zur Erf\u00fcllung eines Vertrags oder zur Durchf\u00fchrung \nvorvertraglicher Ma\u00dfnahmen erforderlich, die auf Ihre Anfrage hin \nerfolgen, so ist Art. 6 Abs. 1 S. 1 lit. b) DS-GVO Rechtsgrundlage.<\/li>\n\n\n\n<li>Ist\n die Verarbeitung zur Erf\u00fcllung einer rechtlichen Verpflichtung \nerforderlich, der wir unterliegen (z.B. gesetzliche \nAufbewahrungspflichten), so ist Art. 6 Abs. 1 S. 1 lit. c) DS-GVO \nRechtsgrundlage.<\/li>\n\n\n\n<li>Ist die Verarbeitung erforderlich, um \nlebenswichtige Interessen der betroffenen Person oder einer anderen \nnat\u00fcrlichen Person zu sch\u00fctzen, so ist Art. 6 Abs. 1 S. 1 lit. d) DS-GVO\n Rechtsgrundlage.<\/li>\n\n\n\n<li>Ist die Verarbeitung zur Wahrung unserer oder \nder berechtigten Interessen eines Dritten erforderlich und \u00fcberwiegen \ndiesbez\u00fcglich Ihre Interessen oder Grundrechte und Grundfreiheiten \nnicht, so ist Art. 6 Abs. 1 S. 1 lit. f) DS-GVO Rechtsgrundlage.<\/li>\n<\/ol>\n\n\n\n<p><strong>Weitergabe personenbezogener Daten an Dritte und Auftragsverarbeiter<\/strong><\/p>\n\n\n\n<p>Ohne\n Ihre Einwilligung geben wir grunds\u00e4tzlich keine Daten an Dritte weiter.\n Sollte dies doch der Fall sein, dann erfolgt die Weitergabe auf der \nGrundlage der zuvor genannten Rechtsgrundlagen z.B. bei der Weitergabe \nvon Daten an Online-Paymentanbieter zur Vertragserf\u00fcllung oder aufgrund \ngerichtlicher Anordnung oder wegen einer gesetzlichen Verpflichtung zur \nHerausgabe der Daten zum Zwecke der Strafverfolgung, zur Gefahrenabwehr \noder zur Durchsetzung der Rechte am geistigen Eigentum.<br>Wir setzen \nzudem Auftragsverarbeiter (externe Dienstleister z.B. zum Webhosting \nunserer Websites und Datenbanken) zur Verarbeitung Ihrer Daten ein. Wenn\n im Rahmen einer Vereinbarung zur Auftragsverarbeitung an die \nAuftragsverarbeiter Daten weitergegeben werden, erfolgt dies immer nach \nArt. 28 DS-GVO. Wir w\u00e4hlen dabei unsere Auftragsverarbeiter sorgf\u00e4ltig \naus, kontrollieren diese regelm\u00e4\u00dfig und haben uns ein Weisungsrecht \nhinsichtlich der Daten einr\u00e4umen lassen. Zudem m\u00fcssen die \nAuftragsverarbeiter geeignete technische und organisatorische Ma\u00dfnahmen \ngetroffen haben und die Datenschutzvorschriften gem. BDSG n.F. und \nDS-GVO einhalten<br><strong>Daten\u00fcbermittlung in Drittstaaten<\/strong><\/p>\n\n\n\n<p>Durch die \nVerabschiedung der europ\u00e4ischen Datenschutz-Grundverordnung (DS-GVO) \nwurde eine einheitliche Grundlage f\u00fcr den Datenschutz in Europa \ngeschaffen. Ihre Daten werden daher vorwiegend durch Unternehmen \nverarbeitet, f\u00fcr die DS-GVO Anwendung findet. Sollte doch die \nVerarbeitung durch Dienste Dritter au\u00dferhalb der Europ\u00e4ischen Union oder\n des Europ\u00e4ischen Wirtschaftsraums stattfinden, so m\u00fcssen diese die \nbesonderen Voraussetzungen der Art. 44 ff. DS-GVO erf\u00fcllen. Das \nbedeutet, die Verarbeitung erfolgt aufgrund besonderer Garantien, wie \netwa die von der EU-Kommission offiziell anerkannte Feststellung eines \nder EU entsprechenden Datenschutzniveaus oder der Beachtung offiziell \nanerkannter spezieller vertraglicher Verpflichtungen, der so genannten \n\u201eStandardvertragsklauseln\u201c. Bei US-Unternehmen erf\u00fcllt die Unterwerfung \nunter das sog. \u201ePrivacy-Shield\u201c, dem Datenschutzabkommen zwischen der EU\n und den USA, diese Voraussetzungen.<br><strong>L\u00f6schung von Daten und Speicherdauer<\/strong><\/p>\n\n\n\n<p>Sofern nicht in \ndieser Datenschutzerkl\u00e4rung ausdr\u00fccklich angegeben, werden Ihre \npersonenbezogen Daten gel\u00f6scht oder gesperrt, sobald der Zweck f\u00fcr die \nSpeicherung entf\u00e4llt, es sei denn deren weitere Aufbewahrung ist zu \nBeweiszwecken erforderlich oder dem stehen gesetzliche \nAufbewahrungspflichten entgegenstehen. Darunter fallen etwa \nhandelsrechtliche Aufbewahrungspflichten von Gesch\u00e4ftsbriefen nach \u00a7 257\n Abs. 1 HGB (6 Jahre) sowie steuerrechtliche Aufbewahrungspflichten nach\n \u00a7 147 Abs. 1 AO von Belegen (10 Jahre). Wenn die vorgeschriebene \nAufbewahrungsfrist abl\u00e4uft, erfolgt eine Sperrung oder L\u00f6schung Ihrer \nDaten, es sei denn die Speicherung ist weiterhin f\u00fcr einen \nVertragsabschluss oder zur Vertragserf\u00fcllung erforderlich.<br><strong>Bestehen einer automatisierten Entscheidungsfindung<\/strong><\/p>\n\n\n\n<p>Wir setzen keine automatische Entscheidungsfindung oder ein Profiling ein.<br><strong>Bereitstellung unserer Website und Erstellung von Logfiles<\/strong><\/p>\n\n\n\n<ol class=\"wp-block-list\">\n<li>Wenn\n Sie unsere Webseite lediglich informatorisch nutzen (also keine \nRegistrierung und auch keine anderweitige \u00dcbermittlung von \nInformationen), erheben wir nur die personenbezogenen Daten, die Ihr \nBrowser an unseren Server \u00fcbermittelt. Wenn Sie unsere Website \nbetrachten m\u00f6chten, erheben wir die folgenden Daten:\u2022 IP-Adresse;<br>\u2022 Internet-Service-Provider des Nutzers;<br>\u2022 Datum und Uhrzeit des Abrufs;<br>\u2022 Browsertyp;<br>\u2022 Sprache und Browser-Version;<br>\u2022 Inhalt des Abrufs;<br>\u2022 Zeitzone;<br>\u2022 Zugriffsstatus\/HTTP-Statuscode;<br>\u2022 Datenmenge;<br>\u2022 Websites, von denen die Anforderung kommt;<br>\u2022 Betriebssystem.<br>Eine Speicherung dieser Daten zusammen mit anderen personenbezogenen Daten von Ihnen findet nicht statt.<br><br><\/li>\n\n\n\n<li>Diese\n Daten dienen dem Zweck der nutzerfreundlichen, funktionsf\u00e4higen und \nsicheren Auslieferung unserer Website an Sie mit Funktionen und Inhalten\n sowie deren Optimierung und statistischen Auswertung.<br><br><\/li>\n\n\n\n<li>Rechtsgrundlage\n hierf\u00fcr ist unser in den obigen Zwecken auch liegendes berechtigtes \nInteresse an der Datenverarbeitung nach Art. 6 Abs. 1 S.1 lit. f)  \nDS-GVO.<br><br><\/li>\n\n\n\n<li>Wir speichern aus Sicherheitsgr\u00fcnden diese Daten\n in Server-Logfiles f\u00fcr die Speicherdauer von 70 Tagen. Nach Ablauf \ndieser Frist werden diese automatisch gel\u00f6scht, es sei denn wir \nben\u00f6tigen deren Aufbewahrung zu Beweiszwecken bei Angriffen auf die \nServerinfrastruktur oder anderen Rechtsverletzungen.<br><\/li>\n<\/ol>\n\n\n\n<p><strong>Cookies<\/strong><\/p>\n\n\n\n<ol class=\"wp-block-list\">\n<li>Wir\n verwenden sog. Cookies bei Ihrem Besuch unserer Website. Cookies sind \nkleine Textdateien, die Ihr Internet-Browser auf Ihrem Rechner ablegt \nund speichert. Wenn Sie unsere Website erneut aufrufen, geben diese \nCookies Informationen ab, um Sie automatisch wiederzuerkennen. Die so \nerlangten Informationen dienen dem Zweck, unsere Webangebote technisch \nund wirtschaftlich zu optimieren und Ihnen einen leichteren und sicheren\n Zugang auf unsere Website zu erm\u00f6glichen. Wir informieren Sie dazu beim\n Aufruf unserer Website mittels eines Hinweises auf unsere \nDatenschutzerkl\u00e4rung \u00fcber die Verwendung von Cookies zu den zuvor \ngenannten Zwecken und wie Sie dieser widersprechen bzw. deren \nSpeicherung verhindern k\u00f6nnen (\u201eOpt-out\u201c). Unsere Website nutzt \nSession-Cookies, persistente Cookies und Cookies von Drittanbietern:<br><br>\n\n<strong>\u2022 Session-Cookies:<\/strong> Wir verwenden sog. Cookies zum \nWiedererkennen mehrfacher Nutzung eines Angebots durch denselben Nutzer \n(z.B. wenn Sie sich eingeloggt haben zur Feststellung Ihres \nLogin-Status). Wenn Sie unsere Seite erneut aufrufen, geben diese \nCookies Informationen ab, um Sie automatisch wiederzuerkennen. Die so \nerlangten Informationen dienen dazu, unsere Angebote zu optimieren und \nIhnen einen leichteren Zugang auf unsere Seite zu erm\u00f6glichen. Wenn Sie \nden Browser schlie\u00dfen oder Sie sich ausloggen, werden die \nSession-Cookies gel\u00f6scht.<br><br>\n\n<strong>\u2022 Persistente Cookies:<\/strong> Diese werden automatisiert nach \neiner vorgegebenen Dauer gel\u00f6scht, die sich je nach Cookie unterscheiden\n kann. In den Sicherheitseinstellungen Ihres Browsers k\u00f6nnen Sie die \nCookies jederzeit l\u00f6schen.<br><br>\n\n<strong>\u2022 Cookies von Drittanbietern (Third-Party-Cookies):<\/strong> \nEntsprechend Ihren W\u00fcnschen k\u00f6nnen Sie k\u00f6nnen Ihre Browser-Einstellung \nkonfigurieren und z. B. Die Annahme von Third-Party-Cookies oder allen \nCookies ablehnen. Wir weisen Sie jedoch an dieser Stelle darauf hin, \ndass Sie dann eventuell nicht alle Funktionen dieser Website nutzen \nk\u00f6nnen. Lesen Sie N\u00e4heres zu diesen Cookies bei den jeweiligen \nDatenschutzerkl\u00e4rungen zu den Drittanbietern.<br><br><\/li>\n\n\n\n<li>Rechtsgrundlage\n dieser Verarbeitung ist Art. 6 Abs. 1 S. lit. b) DS-GVO, wenn die \nCookies zur Vertragsanbahnung z.B. bei Bestellungen gesetzt werden und \nansonsten haben wir ein berechtigtes Interesse an der effektiven \nFunktionalit\u00e4t der Website, so dass in dem Falle Art. 6 Abs. 1 S. 1 lit.\n f) DS-GVO Rechtsgrundlage ist.<br><br><\/li>\n\n\n\n<li>\n\n<strong>Widerspruch und \u201eOpt-Out\u201c:<\/strong>      Das Speichern von \nCookies auf Ihrer Festplatte k\u00f6nnen Sie allgemein verhindern, indem Sie \nin Ihren Browser-Einstellungen \u201ekeine Cookies akzeptieren\u201c w\u00e4hlen. Dies \nkann aber eine Funktionseinschr\u00e4nkung unserer Angebote zur Folge haben. \nSie k\u00f6nnen dem Einsatz von Cookies von Drittanbietern zu Werbezwecken \n\u00fcber ein sog. \u201eOpt-out\u201c \u00fcber diese amerikanische Website (<a href=\"https:\/\/optout.aboutads.info\" rel=\"noreferrer noopener\" target=\"_blank\">https:\/\/optout.aboutads.info<\/a>) oder diese europ\u00e4ische Website (<a href=\"http:\/\/www.youronlinechoices.com\/de\/praferenzmanagement\/\" rel=\"noreferrer noopener\" target=\"_blank\">http:\/\/www.youronlinechoices.com\/de\/praferenzmanagement\/<\/a>) widersprechen.<\/li>\n<\/ol>\n\n\n\n<p><strong>Abwicklung von Vertr\u00e4gen<\/strong><\/p>\n\n\n\n<ol class=\"wp-block-list\">\n<li>Wir\n verarbeiten Bestandsdaten (z.B. Unternehmen, Titel\/akademischer Grad, \nNamen und Adressen sowie Kontaktdaten von Nutzern, E-Mail), \nVertragsdaten (z.B. in Anspruch genommene Leistungen, Namen von \nKontaktpersonen) und Zahlungsdaten (z.B. Bankverbindung, \nZahlungshistorie) zwecks Erf\u00fcllung unserer vertraglichen Verpflichtungen\n (Kenntnis, wer Vertragspartner ist; Begr\u00fcndung, inhaltliche \nAusgestaltung und Abwicklung des Vertrags; \u00dcberpr\u00fcfung auf Plausibilit\u00e4t\n der Daten) und Serviceleistungen (z.B. Kontaktaufnahme des \nKundenservice) gem. Art. 6 Abs. 1 S. 1 lit b) DS-GVO. Die in \nOnlineformularen als verpflichtend gekennzeichneten Eingaben, sind f\u00fcr \nden Vertragsschluss erforderlich.<br><br><\/li>\n\n\n\n<li>Eine Weitergabe dieser\n Daten an Dritte erfolgt grunds\u00e4tzlich nicht, au\u00dfer sie ist zur \nVerfolgung unserer Anspr\u00fcche (z.B. \u00dcbergabe an Rechtsanwalt zum Inkasso)\n oder zur Erf\u00fcllung des Vertrags (z.B. \u00dcbergabe der Daten an \nZahlungsanbieter) erforderlich oder es besteht hierzu besteht eine \ngesetzliche Verpflichtung gem. Art. 6 Abs. 1 S. 1 lit. c) DS-GVO.<br><br><\/li>\n\n\n\n<li>Wir\n k\u00f6nnen die von Ihnen angegebenen Daten zudem verarbeiten, um Sie \u00fcber \nweitere interessante Produkte aus unserem Portfolio zu informieren oder \nIhnen E-Mails mit technischen Informationen zukommen lassen.<br><br><\/li>\n\n\n\n<li>Die\n Daten werden gel\u00f6scht, sobald sie f\u00fcr die Erreichung des Zweckes ihrer \nErhebung nicht mehr erforderlich sind. Dies ist f\u00fcr die Bestands- und \nVertragsdaten dann der Fall, wenn die Daten f\u00fcr die Durchf\u00fchrung des \nVertrages nicht mehr erforderlich sind und keine Anspr\u00fcche mehr aus dem \nVertrag geltend gemacht werden k\u00f6nnen, weil diese verj\u00e4hrt sind \n(Gew\u00e4hrleistung: zwei Jahre \/ Regelverj\u00e4hrung: drei Jahre). Wir sind \naufgrund handels- und steuerrechtlicher Vorgaben verpflichtet, Ihre \nAdress-, Zahlungs- und Bestelldaten f\u00fcr die Dauer von zehn Jahren zu \nspeichern. Allerdings nehmen wir bei Vertragsbeendigung nach drei Jahren\n eine Einschr\u00e4nkung der Verarbeitung vor, d. h. Ihre Daten werden nur \nzur Einhaltung der gesetzlichen Verpflichtungen eingesetzt. Angaben im \nNutzerkonto verbleiben bis zu dessen L\u00f6schung.<br><br><\/li>\n<\/ol>\n\n\n\n<p><strong>Kontaktaufnahme per Kontaktformular \/ E-Mail \/ Fax \/ Post<\/strong><\/p>\n\n\n\n<ol class=\"wp-block-list\">\n<li>Bei\n der Kontaktaufnahme mit uns per Kontaktformular, Fax, Post oder E-Mail \nwerden Ihre Angaben zum Zwecke der Abwicklung der Kontaktanfrage \nverarbeitet.<br><br><\/li>\n\n\n\n<li>Rechtsgrundlage f\u00fcr die Verarbeitung der \nDaten ist bei Vorliegen einer Einwilligung von Ihnen Art. 6 Abs. 1 S. 1 \nlit. a) DS-GVO. Rechtsgrundlage f\u00fcr die Verarbeitung der Daten, die im \nZuge einer Kontaktanfrage oder E-Mail, eines Briefes oder Faxes \n\u00fcbermittelt werden, ist Art. 6 Abs. 1 S. 1 lit. f) DS-GVO. Der \nVerantwortliche hat ein berechtigtes Interesse an der Verarbeitung und \nSpeicherung der Daten, um Anfragen der Nutzer beantworten zu k\u00f6nnen, zur\n Beweissicherung aus Haftungsgr\u00fcnden und um ggf. seiner gesetzlichen \nAufbewahrungspflichten bei Gesch\u00e4ftsbriefen nachkommen zu k\u00f6nnen. Zielt \nder Kontakt auf den Abschluss eines Vertrages ab, so ist zus\u00e4tzliche \nRechtsgrundlage f\u00fcr die Verarbeitung Art. 6 Abs. 1 S. 1 lit. b) DS-GVO.<br><br><\/li>\n\n\n\n<li>Wir\n k\u00f6nnen Ihre Angaben und Kontaktanfrage in unserem \nCustomer-Relationship-Management System (&#8222;CRM System&#8220;) oder einem \nvergleichbaren System speichern.<br><br><\/li>\n\n\n\n<li>Die Daten werden \ngel\u00f6scht, sobald sie f\u00fcr die Erreichung des Zweckes ihrer Erhebung nicht\n mehr erforderlich sind. F\u00fcr die personenbezogenen Daten aus der \nEingabemaske des Kontaktformulars und diejenigen, die per E-Mail \n\u00fcbersandt wurden, ist dies dann der Fall, wenn die jeweilige \nKonversation mit Ihnen beendet ist. Beendet ist die Konversation dann, \nwenn sich aus den Umst\u00e4nden entnehmen l\u00e4sst, dass der betroffene \nSachverhalt abschlie\u00dfend gekl\u00e4rt ist. Anfragen von Nutzern, die \u00fcber \neinen Account bzw. Vertrag mit uns verf\u00fcgen, speichern wir bis zum \nAblauf von zwei Jahren nach Vertragsbeendigung. Im Fall von gesetzlichen\n Archivierungspflichten erfolgt die L\u00f6schung nach deren Ablauf: Ende \nhandelsrechtlicher (6 Jahre) und steuerrechtlicher (10 Jahre) \nAufbewahrungspflicht.<br><br><\/li>\n\n\n\n<li>Sie haben jederzeit die \nM\u00f6glichkeit, die Einwilligung nach Art. 6 Abs. 1 S. 1 lit. a) DS-GVO zur\n Verarbeitung der personenbezogenen Daten zu widerrufen. Nehmen Sie per \nE-Mail Kontakt mit uns auf, so k\u00f6nnen Sie der Speicherung der \npersonenbezogenen Daten jederzeit widersprechen.<br><br><\/li>\n<\/ol>\n\n\n\n<p><strong>Kontaktaufnahme per Telefon<\/strong><\/p>\n\n\n\n<ol class=\"wp-block-list\">\n<li>Bei\n der Kontaktaufnahme mit uns per Telefon wird Ihre Telefonnummer zur \nBearbeitung der Kontaktanfrage und deren Abwicklung verarbeitet und \ntempor\u00e4r im RAM \/ Cache des Telefonger\u00e4tes \/ Displays gespeichert bzw. \nangezeigt. Die Speicherung erfolgt aus Haftungs- und Sicherheitsgr\u00fcnden,\n um den Beweis des Anrufs f\u00fchren zu k\u00f6nnen sowie aus wirtschaftlichen \nGr\u00fcnden, um einen R\u00fcckruf zu erm\u00f6glichen. Im Falle von unberechtigten \nWerbeanrufen, sperren wir die Rufnummern.<br><br><\/li>\n\n\n\n<li>Rechtsgrundlage\n f\u00fcr die Verarbeitung der Telefonnummer ist Art. 6 Abs. 1 S. 1 lit. f) \nDS-GVO. Zielt der Kontakt auf den Abschluss eines Vertrages ab, so ist \nzus\u00e4tzliche Rechtsgrundlage f\u00fcr die Verarbeitung Art. 6 Abs. 1 lit. b) \nDS-GVO.<br><br><\/li>\n\n\n\n<li>Der Ger\u00e4tecache speichert die Anrufe 90 Tage und\n \u00fcberschreibt bzw. l\u00f6scht sukzessiv alte Daten, bei Entsorgung des \nGer\u00e4tes werden alle Daten gel\u00f6scht und der Speicher ggf. zerst\u00f6rt. \nGesperrte Telefonnummer werden j\u00e4hrlich auf die Notwendigkeit der \nSperrung gepr\u00fcft.<br><br><\/li>\n\n\n\n<li>Sie k\u00f6nnen die Anzeige der Telefonnummer verhindern, indem Sie mit unterdr\u00fcckter Telefonnummer anrufen.<br><br><\/li>\n<\/ol>\n\n\n\n<p><strong>YouTube-Videos<\/strong><\/p>\n\n\n\n<ol class=\"wp-block-list\">\n<li>Wir\n haben auf unserer Website YouTube-Videos von youtube.com mittels der \nembedded-Funktion eingebunden, so dass diese auf unserer Website direkt \naufrufbar sind. YouTube geh\u00f6rt zur Google Ireland Limited, Registernr.: \n368047, Gordon House, Barrow Street, Dublin 4, Irland. Wir haben die \nVideos im sog. \u201eerweiterten Datenschutz-Modus\u201c eingebunden, ohne dass \nmit Cookies das Nutzungsverhalten erfasst wird, um die Videowiedergabe \nzu personalisieren. Stattdessen basieren die Videoempfehlungen auf dem \naktuell abgespielten Video. Videos, die im erweiterten Datenschutzmodus \nin einem eingebetteten Player wiedergegeben werden, wirken sich nicht \ndarauf aus, welche Videos Ihnen auf YouTube empfohlen werden.Beim Start \neines Videos (Klick aufs Video) erh\u00e4lt YouTube die Information, dass Sie\n die entsprechende Unterseite unserer Website aufgerufen haben. Die \ngewonnenen Daten werden in die USA \u00fcbertragen und dort gespeichert. Dies\n erfolgt auch ohne Nutzerkonto bei Google. Sollten Sie in Ihren \nGoogle-Account eingeloggt sein, kann Google die obigen Daten Ihrem \nAccount zuordnen. Wenn Sie dies nicht w\u00fcnschen, m\u00fcssen Sie sich in Ihrem\n Google-Account ausloggen. Google erstellt aus solchen Daten \nNutzerprofile und nutzt diese Daten zum Zwecke der Werbung, \nMarktforschung oder Optimierung seiner Websites.<br><br><\/li>\n\n\n\n<li>Rechtsgrundlage\n hierf\u00fcr ist unser in den obigen Zwecken auch liegendes berechtigtes \nInteresse an der Datenverarbeitung nach Art. 6 Abs. 1 S.1 lit. f)  \nDS-GVO.<br><br><\/li>\n\n\n\n<li>Sie haben gegen\u00fcber Google ein Widerspruchsrecht\n gegen die Bildung von Nutzerprofilen. Bitte richten Sie sich deswegen \ndirekt an Google \u00fcber die unten genannte Datenschutzerkl\u00e4rung. Ein \nOpt-Out-Widerspruch hinsichtlich der Werbe-Cookies k\u00f6nnen Sie hier in \nIhrem Google-Account vornehmen:<br><a href=\"https:\/\/adssettings.google.com\/authenticated\" rel=\"noreferrer noopener\" target=\"_blank\">https:\/\/adssettings.google.com\/authenticated<\/a>.<br><br><\/li>\n\n\n\n<li>In den Nutzungsbedingungen von YouTube unter <a href=\"https:\/\/www.youtube.com\/t\/terms\" rel=\"noreferrer noopener\" target=\"_blank\">https:\/\/www.youtube.com\/t\/terms<\/a> und in der Datenschutzerkl\u00e4rung f\u00fcr Werbung von Google unter <a href=\"https:\/\/policies.google.com\/technologies\/ads\" rel=\"noreferrer noopener\" target=\"_blank\">https:\/\/policies.google.com\/technologies\/ads<\/a>\n finden Sie weitere Informationen zur Verwendung von Google Cookies und \nderen Werbetechnologien, Speicherdauer, Anonymisierung, Standortdaten, \nFunktionsweise und Ihre Rechte. Allgemeine Datenschutzerkl\u00e4rung von \nGoogle: <a href=\"https:\/\/policies.google.com\/privacy\" rel=\"noreferrer noopener\" target=\"_blank\">https:\/\/policies.google.com\/privacy<\/a>.<br><br><\/li>\n\n\n\n<li>Google ist nach dem EU-US Privacy Shield zertifiziert (<a href=\"https:\/\/www.privacyshield.gov\/EU-US-Framework\" rel=\"noreferrer noopener\" target=\"_blank\">https:\/\/www.privacyshield.gov\/EU-US-Framework<\/a>) und daher verpflichtet europ\u00e4isches Datenschutzrecht einzuhalten.<br><br><\/li>\n<\/ol>\n\n\n\n<p><strong>Google Maps<\/strong><br><br>Diese Webseite nutzt Google Maps zur Darstellung interaktiver Karten und zur Erstellung von Anfahrtsbeschreibungen. Google Maps ist ein Kartendienst von Google Inc., 1600 Amphitheatre Parkway, Mountain View, California 94043, USA. Durch die Nutzung von Google Maps k\u00f6nnen Informationen \u00fcber die Benutzung dieser Website einschlie\u00dflich Ihrer IP-Adresse und der im Rahmen der Routenplanerfunktion eingegebenen (Start-) Adresse an Google in den USA \u00fcbertragen werden. Wenn Sie eine Webseite unseres Internetauftritts aufrufen, die Google Maps enth\u00e4lt, baut Ihr Browser eine direkte Verbindung mit den Servern von Google auf. Der Karteninhalt wird von Google direkt an Ihren Browser \u00fcbermittelt und von diesem in die Webseite eingebunden. Daher haben wir keinen Einfluss auf den Umfang der auf diese Weise von Google erhobenen Daten.<\/p>\n\n\n\n<p><br>Entsprechend unserem Kenntnisstand sind dies zumindest folgende Daten:<br>Datum und Uhrzeit des Besuchs auf der betreffenden Webseite, Internetadresse oder URL der aufgerufenen Webseite, IP-Adresse, im Rahmen der Routenplanung eingegebene (Start-)Anschrift.<br>Auf die weitere Verarbeitung und Nutzung der Daten durch Google haben wir keinen Einfluss und k\u00f6nnen daher hierf\u00fcr keine Verantwortung \u00fcbernehmen. Wenn Sie nicht m\u00f6chten, dass Google \u00fcber unseren Internetauftritt Daten \u00fcber Sie erhebt, verarbeitet oder nutzt, k\u00f6nnen Sie in Ihrem Browsereinstellungen JavaScript deaktivieren. In diesem Fall k\u00f6nnen Sie die Kartenanzeige jedoch nicht nutzen.<br>Zweck und Umfang der Datenerhebung und die weitere Verarbeitung und Nutzung der Daten durch Google sowie Ihre diesbez\u00fcglichen Rechte und Einstellungsm\u00f6glichkeiten zum Schutz Ihrer Privatsph\u00e4re entnehmen Sie bitte den Datenschutzhinweisen von Google (<a rel=\"noreferrer noopener\" href=\"https:\/\/policies.google.com\/privacy?hl=de\" target=\"_blank\">https:\/\/policies.google.com\/privacy?hl=de<\/a>).<br>Durch die Nutzung unserer Webseite erkl\u00e4ren Sie sich mit der Bearbeitung der \u00fcber Sie erhobenen Daten durch Google Maps Routenplaner in der zuvor beschriebenen Art und Weise und zu dem zuvor benannten Zweck einverstanden.<br><\/p>\n\n\n\n<p><strong>Pr\u00e4senz in sozialen Medien<\/strong><\/p>\n\n\n\n<ol class=\"wp-block-list\">\n<li>Wir\n unterhalten in sozialen Medien Profile bzw. Fanpages, um mit den dort \nangeschlossenen und registrierten Nutzern zu kommunizieren und um \u00fcber \nunsere Produkte, Angebote und Dienstleistungen zu informieren. Die \nUS-Anbieter sind nach dem sog. Privacy-Shield zertifiziert und damit \nverpflichtet europ\u00e4ischen Datenschutz einzuhalten. Bei der Nutzung und \ndem Aufruf unseres Profils im jeweiligen Netzwerk durch Sie gelten die \njeweiligen Datenschutzhinweise und Nutzungsbedingungen des jeweiligen \nNetzwerks.<br><br><\/li>\n\n\n\n<li>Wir verarbeiten Ihre Daten, die Sie uns \u00fcber \ndiese Netzwerke senden, um mit Ihnen zu kommunizieren und um Ihre \ndortigen Nachrichten zu beantworten.<br><br><\/li>\n\n\n\n<li>Die Rechtsgrundlage\n f\u00fcr die Verarbeitung der personenbezogenen Daten ist unser berechtigtes\n Interesse an der Kommunikation mit den Nutzern und unsere \nAu\u00dfendarstellung zwecks Werbung gem\u00e4\u00df Art. 6 Abs. 1 S. 1 lit. f) DS-GVO.\n Soweit Sie dem Verantwortlichen des sozialen Netzwerks eine \nEinwilligung in die Verarbeitung Ihrer personenbezogenen Daten erteilt \nhaben, ist Rechtsgrundlage Art. 6 Abs. 1 S. 1 lit. a) und Art. 7 DS-GVO.<br><br><\/li>\n\n\n\n<li>Die Datenschutzhinweise, Auskunftsm\u00f6glichkeiten und Widerspruchm\u00f6glichkeiten (Opt-Out) der jeweiligen Netzwerke finden Sie hier:<br><br>\u2022 \n\n<strong>Facebook<\/strong> (Facebook Ireland Ltd., 4 Grand Canal Square, Grand Canal Harbour, Dublin 2, Irland)  Datenschutzerkl\u00e4rung: <a href=\"https:\/\/www.facebook.com\/about\/privacy\/\" rel=\"noreferrer noopener\" target=\"_blank\">https:\/\/www.facebook.com\/about\/privacy\/<\/a>, Opt-Out: <a href=\"https:\/\/www.facebook.com\/settings?tab=ads\" rel=\"noreferrer noopener\" target=\"_blank\">https:\/\/www.facebook.com\/settings?tab=ads<\/a> und <a href=\"http:\/\/www.youronlinechoices.com\" rel=\"noreferrer noopener\" target=\"_blank\">http:\/\/www.youronlinechoices.com<\/a>, Privacy Shield: <a href=\"https:\/\/www.privacyshield.gov\/participant?id=a2zt0000000GnywAAC&amp;status=Active\" rel=\"noreferrer noopener\" target=\"_blank\">https:\/\/www.privacyshield.gov\/participant?id=a2zt0000000GnywAAC&amp;status=Active<\/a>.<br><br>\u2022 \n\n<strong>Instagram<\/strong> (Instagram Inc., 1601 Willow Road, Menlo Park, CA, 94025, USA) \u2013 Datenschutzerkl\u00e4rung\/ Opt-Out: <a href=\"http:\/\/instagram.com\/about\/legal\/privacy\/\" rel=\"noreferrer noopener\" target=\"_blank\">http:\/\/instagram.com\/about\/legal\/privacy\/<\/a>.<br><br><\/li>\n<\/ol>\n\n\n\n<p><strong>Rechte der betroffenen Person<\/strong><\/p>\n\n\n\n<ol class=\"wp-block-list\">\n<li>\n\n<strong>Widerspruch oder Widerruf gegen die Verarbeitung Ihrer Daten<br><br>Soweit\n die Verarbeitung auf Ihrer Einwilligung gem\u00e4\u00df Art. 6 Abs. 1 S. 1 lit. \na), Art. 7 DS-GVO beruht, haben Sie das Recht, die Einwilligung \njederzeit zu widerrufen. Die Rechtm\u00e4\u00dfigkeit der aufgrund der \nEinwilligung bis zum Widerruf erfolgten Verarbeitung wird dadurch nicht \nber\u00fchrt.<br><br>Soweit wir die Verarbeitung Ihrer personenbezogenen \nDaten auf die Interessenabw\u00e4gung gem\u00e4\u00df Art. 6 Abs. 1 S. 1 lit. f) DS-GVO\n st\u00fctzen, k\u00f6nnen Sie Widerspruch gegen die Verarbeitung einlegen. Dies \nist der Fall, wenn die Verarbeitung insbesondere nicht zur Erf\u00fcllung \neines Vertrags mit Ihnen erforderlich ist, was von uns jeweils bei der \nnachfolgenden Beschreibung der Funktionen dargestellt wird. Bei Aus\u00fcbung\n eines solchen Widerspruchs bitten wir um Darlegung der Gr\u00fcnde, weshalb \nwir Ihre personenbezogenen Daten nicht wie von uns durchgef\u00fchrt \nverarbeiten sollten. Im Falle Ihres begr\u00fcndeten Widerspruchs pr\u00fcfen wir \ndie Sachlage und werden entweder die Datenverarbeitung einstellen bzw. \nanpassen oder Ihnen unsere zwingenden schutzw\u00fcrdigen Gr\u00fcnde aufzeigen, \naufgrund derer wir die Verarbeitung fortf\u00fchren.<br><br>Sie k\u00f6nnen der \nVerarbeitung Ihrer personenbezogenen Daten f\u00fcr Zwecke der Werbung und \nDatenanalyse jederzeit widersprechen. Das Widerspruchsrecht k\u00f6nnen Sie \nkostenfrei aus\u00fcben. \u00dcber Ihren Werbewiderspruch k\u00f6nnen Sie uns unter \nfolgenden Kontaktdaten informieren:<br><br>Malerei Christophersen<br>Dorfstra\u00dfe 36<br>25926, Ladelund, Deutschland<br>Gesch\u00e4ftsf\u00fchrer Timo Christophersen<br>E-Mail-Adresse: info@malerei-christophersen.de<br><\/strong><br><\/li>\n\n\n\n<li>\n\n<strong>Recht auf Auskunft<\/strong><br>Sie haben ein Recht auf Auskunft \n\u00fcber Ihre bei uns gespeicherten pers\u00f6nlichen Daten nach Art. 15 DS-GVO. \nDies beinhaltet insbesondere die Auskunft \u00fcber die Verarbeitungszwecke, \ndie Kategorie der personenbezogenen Daten, die Kategorien von \nEmpf\u00e4ngern, gegen\u00fcber denen Ihre Daten offengelegt wurden oder werden, \ndie geplante Speicherdauer, die Herkunft ihrer Daten, sofern diese nicht\n direkt bei Ihnen erhoben wurden.<br><br><\/li>\n\n\n\n<li>\n\n<strong>Recht auf Berichtigung<\/strong><br>Sie haben ein Recht auf Berichtigung unrichtiger oder auf Vervollst\u00e4ndigung richtiger Daten nach Art. 16 DS-GVO.<br><br><\/li>\n\n\n\n<li>\n\n<strong>Recht auf L\u00f6schung<\/strong><br>Sie haben ein Recht auf L\u00f6schung \nIhrer bei uns gespeicherten Daten nach Art. 17 DS-GVO, es sei denn \ngesetzliche oder vertraglichen Aufbewahrungsfristen oder andere \ngesetzliche Pflichten bzw. Rechte zur weiteren Speicherung stehen dieser\n entgegen.<br><br><\/li>\n\n\n\n<li>\n\n<strong>Recht auf Einschr\u00e4nkung<\/strong><br>Sie haben das Recht, eine \nEinschr\u00e4nkung bei der Verarbeitung Ihrer personenbezogenen Daten zu \nverlangen, wenn eine der Voraussetzungen in Art. 18 Abs. 1 lit. a) bis \nd) DS-GVO erf\u00fcllt ist:<br>\u2022 Wenn Sie die Richtigkeit der Sie \nbetreffenden personenbezogenen f\u00fcr eine Dauer bestreiten, die es dem \nVerantwortlichen erm\u00f6glicht, die Richtigkeit der personenbezogenen Daten\n zu \u00fcberpr\u00fcfen;<br><br>\u2022 die Verarbeitung unrechtm\u00e4\u00dfig ist und Sie die \nL\u00f6schung der personenbezogenen Daten ablehnen und stattdessen die \nEinschr\u00e4nkung der Nutzung der personenbezogenen Daten verlangen;<br><br>\u2022\n der Verantwortliche die personenbezogenen Daten f\u00fcr die Zwecke der \nVerarbeitung nicht l\u00e4nger ben\u00f6tigt, Sie diese jedoch zur Geltendmachung,\n Aus\u00fcbung oder Verteidigung von Rechtsanspr\u00fcchen ben\u00f6tigen, oder<br><br>\u2022\n wenn Sie Widerspruch gegen die Verarbeitung gem\u00e4\u00df Art. 21 Abs. 1 DS-GVO\n eingelegt haben und noch nicht feststeht, ob die berechtigten Gr\u00fcnde \ndes Verantwortlichen gegen\u00fcber Ihren Gr\u00fcnden \u00fcberwiegen.<br><br><\/li>\n\n\n\n<li>\n\n<strong>Recht auf Daten\u00fcbertragbarkeit<\/strong><br>Sie haben ein Recht \nauf Daten\u00fcbertragbarkeit nach Art. 20 DS-GVO, was bedeutet, dass Sie die\n bei uns \u00fcber Sie gespeicherten personenbezogenen Daten in einem \nstrukturierten, g\u00e4ngigen und maschinenlesbaren Format erhalten k\u00f6nnen \noder die \u00dcbermittlung an einen anderen Verantwortlichen verlangen \nk\u00f6nnen.<br><br><\/li>\n\n\n\n<li>\n\n<strong>Recht auf Beschwerde<\/strong><br>Sie haben ein Recht auf \nBeschwerde bei einer Aufsichtsbeh\u00f6rde. In der Regel k\u00f6nnen Sie sich \nhierf\u00fcr an die Aufsichtsbeh\u00f6rde insbesondere in dem Mitgliedstaat ihres \nAufenthaltsorts, ihres Arbeitsplatzes oder des Orts des mutma\u00dflichen \nVersto\u00dfes wenden.<br><br><\/li>\n<\/ol>\n\n\n\n<p><strong>Datensicherheit<\/strong><\/p>\n\n\n\n<p>Um alle personenbezogen Daten, die an\n uns \u00fcbermittelt werden, zu sch\u00fctzen und um sicherzustellen, dass die \nDatenschutzvorschriften von uns, aber auch unseren externen \nDienstleistern eingehalten werden, haben wir geeignete technische und \norganisatorische Sicherheitsma\u00dfnahmen getroffen. Deshalb werden unter \nanderem alle Daten zwischen Ihrem Browser und unserem Server \u00fcber eine \nsichere SSL-Verbindung verschl\u00fcsselt \u00fcbertragen.<\/p>\n\n\n\n<p><strong>Stand: 07.10.2024<\/strong><\/p>\n\n\n\n<p>Quelle: <a href=\"https:\/\/www.juraforum.de\/datenschutzerklaerung-muster\/\">Muster-Datenschutzerkl\u00e4rung von JuraForum.de<\/a><\/p>\n\n\n\n<p><\/p>\n","protected":false},"excerpt":{"rendered":"<p>Wir informieren Sie nachfolgend gem\u00e4\u00df den gesetzlichen Vorgaben des Datenschutzrechts (insb. gem\u00e4\u00df BDSG n.F. und der europ\u00e4ischen Datenschutz-Grundverordnung \u201aDS-GVO\u2018) \u00fcber die Art, den Umfang und Zweck der Verarbeitung personenbezogener Daten durch unser Unternehmen. Diese Datenschutzerkl\u00e4rung gilt auch f\u00fcr unsere Websites und Sozial-Media-Profile. Bez\u00fcglich der Definition von Begriffen wie etwa \u201epersonenbezogene Daten\u201c oder \u201eVerarbeitung\u201c verweisen wir [&hellip;]<\/p>\n","protected":false},"author":1,"featured_media":0,"parent":0,"menu_order":0,"comment_status":"closed","ping_status":"closed","template":"","meta":{"_uag_custom_page_level_css":"","footnotes":""},"class_list":["post-62","page","type-page","status-publish","hentry"],"featured_image_urls_v2":{"full":"","thumbnail":"","medium":"","medium_large":"","large":"","1536x1536":"","2048x2048":""},"post_excerpt_stackable_v2":"<p>Wir informieren Sie nachfolgend gem\u00e4\u00df den gesetzlichen Vorgaben des Datenschutzrechts (insb. gem\u00e4\u00df BDSG n.F. und der europ\u00e4ischen Datenschutz-Grundverordnung \u201aDS-GVO\u2018) \u00fcber die Art, den Umfang und Zweck der Verarbeitung personenbezogener Daten durch unser Unternehmen. Diese Datenschutzerkl\u00e4rung gilt auch f\u00fcr unsere Websites und Sozial-Media-Profile. Bez\u00fcglich der Definition von Begriffen wie etwa \u201epersonenbezogene Daten\u201c oder \u201eVerarbeitung\u201c verweisen wir auf Art. 4 DS-GVO.Name und Kontaktdaten des \/ der VerantwortlichenUnser\/e Verantwortliche\/r (nachfolgend \u201eVerantwortlicher\u201c) i.S.d. Art. 4 Zif. 7 DS-GVO ist: Malerei ChristophersenDorfstra\u00dfe 3625926, Ladelund, DeutschlandGesch\u00e4ftsf\u00fchrer Timo ChristophersenE-Mail-Adresse: info@malerei-christophersen.de Datenarten, Zwecke der Verarbeitung und Kategorien betroffener Personen Nachfolgend informieren wir Sie \u00fcber Art, Umfang und Zweck&hellip;<\/p>\n","category_list_v2":"","author_info_v2":{"name":"admin","url":"https:\/\/www.malerei-christophersen.de\/?author=1"},"comments_num_v2":"0 comments","featured_image_src":null,"uagb_featured_image_src":{"full":false,"thumbnail":false,"medium":false,"medium_large":false,"large":false,"1536x1536":false,"2048x2048":false},"uagb_author_info":{"display_name":"admin","author_link":"https:\/\/www.malerei-christophersen.de\/?author=1"},"uagb_comment_info":0,"uagb_excerpt":"Wir informieren Sie nachfolgend gem\u00e4\u00df den gesetzlichen Vorgaben des Datenschutzrechts (insb. gem\u00e4\u00df BDSG n.F. und der europ\u00e4ischen Datenschutz-Grundverordnung \u201aDS-GVO\u2018) \u00fcber die Art, den Umfang und Zweck der Verarbeitung personenbezogener Daten durch unser Unternehmen. Diese Datenschutzerkl\u00e4rung gilt auch f\u00fcr unsere Websites und Sozial-Media-Profile. Bez\u00fcglich der Definition von Begriffen wie etwa \u201epersonenbezogene Daten\u201c oder \u201eVerarbeitung\u201c verweisen wir&hellip;","_links":{"self":[{"href":"https:\/\/www.malerei-christophersen.de\/index.php?rest_route=\/wp\/v2\/pages\/62","targetHints":{"allow":["GET"]}}],"collection":[{"href":"https:\/\/www.malerei-christophersen.de\/index.php?rest_route=\/wp\/v2\/pages"}],"about":[{"href":"https:\/\/www.malerei-christophersen.de\/index.php?rest_route=\/wp\/v2\/types\/page"}],"author":[{"embeddable":true,"href":"https:\/\/www.malerei-christophersen.de\/index.php?rest_route=\/wp\/v2\/users\/1"}],"replies":[{"embeddable":true,"href":"https:\/\/www.malerei-christophersen.de\/index.php?rest_route=%2Fwp%2Fv2%2Fcomments&post=62"}],"version-history":[{"count":4,"href":"https:\/\/www.malerei-christophersen.de\/index.php?rest_route=\/wp\/v2\/pages\/62\/revisions"}],"predecessor-version":[{"id":725,"href":"https:\/\/www.malerei-christophersen.de\/index.php?rest_route=\/wp\/v2\/pages\/62\/revisions\/725"}],"wp:attachment":[{"href":"https:\/\/www.malerei-christophersen.de\/index.php?rest_route=%2Fwp%2Fv2%2Fmedia&parent=62"}],"curies":[{"name":"wp","href":"https:\/\/api.w.org\/{rel}","templated":true}]}}